{"id":57920,"date":"2026-08-31T07:01:52","date_gmt":"2026-08-31T10:01:52","guid":{"rendered":"https:\/\/jornadasdaebprio.com.br\/2026\/?page_id=57920"},"modified":"2026-08-31T07:03:51","modified_gmt":"2026-08-31T10:03:51","slug":"livraria-2","status":"publish","type":"page","link":"https:\/\/jornadasdaebprio.com.br\/2026\/livraria-2\/","title":{"rendered":"Livraria"},"content":{"rendered":"<div class=\"wpb-content-wrapper\"><p>[vc_row][vc_column][vc_column_text css=&#8221;&#8221;]<\/p>\n<h3 style=\"margin: 0in; text-align: justify; text-justify: inter-ideograph; background: white;\"><b><span style=\"font-size: 13.0pt; color: black;\">Livraria Alinhavo nas 33\u00aa<sup>s<\/sup> Jornadas Cl\u00ednicas da EBP-Rio<\/span><\/b><\/h3>\n<p style=\"margin: 0in; text-align: justify; text-justify: inter-ideograph; background: white;\"><b><span style=\"font-size: 13.0pt; color: black;\">\u00a0<\/span><\/b><\/p>\n<p style=\"text-align: right;\">\u201cAbram em qualquer p\u00e1gina o livro sobre o sonho, que veio primeiro, voc\u00eas s\u00f3 ver\u00e3o se falar de coisas que envolvem palavras.<br \/>\nVer\u00e3o Freud falar delas de uma forma tal que perceber\u00e3o que ali est\u00e3o escritas com todas as letras.\u201d<span class=\"apple-converted-space\">\u00a0<\/span><\/p>\n<p style=\"margin: 0in; text-align: right; background: white;\" align=\"right\"><span style=\"font-size: 10.0pt; color: black;\">(Lacan, 1967-1968, p. 36).<\/span><\/p>\n<p style=\"margin: 0in; text-align: justify; text-justify: inter-ideograph; text-indent: 35.45pt; line-height: 150%; background: white;\"><span style=\"color: black;\">\u00a0<\/span><\/p>\n<p>Alinhavar \u00e9 costurar em pontos largos e provis\u00f3rios, antes do acabamento definitivo, como um gesto que deixa margem para um ajuste, retorno ou reinven\u00e7\u00e3o. N\u00e3o \u00e0 toa, a escolha do nome para a nossa Livraria vai ao encontro do tema das 33\u00aas Jornadas. H\u00e1 algo nesse movimento similar ao modo como o sintoma, um corpo sutil, tecido por marcas e usos, se sustenta por la\u00e7os que amarram o gozo \u00e0 linguagem.\u00a0Por essa via, podemos pensar tamb\u00e9m na opera\u00e7\u00e3o de leitura, seja ela feita em an\u00e1lise ou entre versos impressos. Um livro \u00e9 um ponto de alinhavo entre a viv\u00eancia do sujeito e a palavra escrita, sempre contingente, nunca um acabamento definitivo.\u00a0Por outro lado,\u00a0\u00e9 no mar de palavras que se mergulha, n\u00e3o s\u00f3 em um livro, mas numa an\u00e1lise.<\/p>\n<p>Este ano, a Livraria \u00e9 organizada inteiramente pela sua comiss\u00e3o, que convida a todos a visit\u00e1-la ao longo das Jornadas. Nossa proposta \u00e9\u00a0dar um lugar de destaque \u00e0s publica\u00e7\u00f5es da Escola Brasileira de Psican\u00e1lise, com \u00eanfase especial nas revistas produzidas pela Se\u00e7\u00e3o Rio, ao lado de outros t\u00edtulos que circulam pelo Campo Freudiano e reverberam a orienta\u00e7\u00e3o lacaniana.<\/p>\n<p>Como todo alinhavo, esta apresenta\u00e7\u00e3o tamb\u00e9m \u00e9 apenas um primeiro ponto, o resto se costura no nosso encontro e no s\u00f3-depois. Esperamos por voc\u00eas na Livraria Alinhavo.<\/p>\n<p>&nbsp;<\/p>\n<p style=\"text-align: right;\"><em><strong>Luiza Cortazio<\/strong> \u2013 Participante da Comiss\u00e3o de Livraria<\/em><\/p>\n<p>&nbsp;<\/p>\n<p>&nbsp;<\/p>\n<hr \/>\n<p>&nbsp;<\/p>\n<p><strong>Comiss\u00e3o de Livraria:<\/strong><\/p>\n<p>Ana Claudia Jord\u00e3o (coordena\u00e7\u00e3o) e Paula Legey (coordena\u00e7\u00e3o), Camila Drubscky, Carla S\u00e1 Freire, Caroline No\u00ebl, Daniele Menezes, Isabella Mansur, Juliana Serfaty, Helena Torres e Luiza Cortazio.<\/p>\n<p><strong>Refer\u00eancia bibliogr\u00e1fica:<\/strong><\/p>\n<p>Lacan, Jacques. O semin\u00e1rio, livro 15: o ato psicanal\u00edtico, (1967-1968). Rio de Janeiro: Zahar, 2025.[\/vc_column_text][\/vc_column][\/vc_row]<\/p>\n<\/div>","protected":false},"excerpt":{"rendered":"<p>[vc_row][vc_column][vc_column_text css=&#8221;&#8221;] Livraria Alinhavo nas 33\u00aas Jornadas Cl\u00ednicas da EBP-Rio \u00a0 \u201cAbram em qualquer p\u00e1gina o livro sobre o sonho, que veio primeiro, voc\u00eas s\u00f3 ver\u00e3o se falar de coisas que envolvem palavras. Ver\u00e3o Freud falar delas de uma forma tal que perceber\u00e3o que ali est\u00e3o escritas com todas as letras.\u201d\u00a0 (Lacan, 1967-1968, p. 36).&hellip;<\/p>\n","protected":false},"author":1,"featured_media":0,"parent":0,"menu_order":0,"comment_status":"closed","ping_status":"closed","template":"","meta":{"footnotes":""},"class_list":["post-57920","page","type-page","status-publish","hentry","description-off"],"_links":{"self":[{"href":"https:\/\/jornadasdaebprio.com.br\/2026\/wp-json\/wp\/v2\/pages\/57920","targetHints":{"allow":["GET"]}}],"collection":[{"href":"https:\/\/jornadasdaebprio.com.br\/2026\/wp-json\/wp\/v2\/pages"}],"about":[{"href":"https:\/\/jornadasdaebprio.com.br\/2026\/wp-json\/wp\/v2\/types\/page"}],"author":[{"embeddable":true,"href":"https:\/\/jornadasdaebprio.com.br\/2026\/wp-json\/wp\/v2\/users\/1"}],"replies":[{"embeddable":true,"href":"https:\/\/jornadasdaebprio.com.br\/2026\/wp-json\/wp\/v2\/comments?post=57920"}],"version-history":[{"count":4,"href":"https:\/\/jornadasdaebprio.com.br\/2026\/wp-json\/wp\/v2\/pages\/57920\/revisions"}],"predecessor-version":[{"id":57925,"href":"https:\/\/jornadasdaebprio.com.br\/2026\/wp-json\/wp\/v2\/pages\/57920\/revisions\/57925"}],"wp:attachment":[{"href":"https:\/\/jornadasdaebprio.com.br\/2026\/wp-json\/wp\/v2\/media?parent=57920"}],"curies":[{"name":"wp","href":"https:\/\/api.w.org\/{rel}","templated":true}]}}